{"version":"1.0","provider_name":"K\u00f6z\u00f6ss\u00e9gi m\u00e9dia mindenkinek","provider_url":"https:\/\/kozossegimedia.cafeblog.hu","author_name":"Balassa Lilla","author_url":"https:\/\/kozossegimedia.cafeblog.hu\/author\/balassa_lilla\/","title":"Facebook etikett c\u00e9geknek","html":"<a href=\"https:\/\/kozossegimedia.cafeblog.hu\/files\/2015\/08\/tumblr_inline_np63tne16t1toce6o_540.png\"><img class=\"alignleft  wp-image-5525744\" src=\"https:\/\/kozossegimedia.cafeblog.hu\/files\/2015\/08\/tumblr_inline_np63tne16t1toce6o_540.png\" alt=\"tumblr_inline_np63tne16t1toce6o_540\" width=\"380\" height=\"266\" \/><\/a>Mint azt m\u00e1r tudjuk, a Facebooknak hatalmas ereje lehet a c\u00e9gek kez\u00e9ben, felt\u00e9ve, ha azt j\u00f3l haszn\u00e1lj\u00e1k. Mag\u00e1nszem\u00e9lyk\u00e9nt is l\u00e1thatunk n\u00e9h\u00e1ny olyan bakit, amit\u0151l a falra m\u00e1szik az ember. Ezeket \u00e9rdemes elker\u00fclni.\r\n\r\nDe mik is ezek a bakik? N\u00e9zz\u00fck meg!\r\n\r\n<strong>L\u00e1jkolni saj\u00e1t bejegyz\u00e9seinket:<\/strong>\r\n\r\nHa \u00edrunk egy bejegyz\u00e9st, az val\u00f3sz\u00edn\u0171s\u00edthet\u0151, hogy nek\u00fcnk tetszik, hiszen a saj\u00e1t munk\u00e1nkr\u00f3l van sz\u00f3. Nem kell ez\u00e9rt m\u00e9g k\u00fcl\u00f6n l\u00e1jkolni is magunkat. Az igazi oka tal\u00e1n, hogy n\u00e9h\u00e1ny oldal ehhez a taktik\u00e1hoz fordul, hogy \u00fagy gondolj\u00e1k, ekkor t\u00f6bbsz\u00f6r bukkan fel az adott bejegyz\u00e9s. (Vagy \u00e9ppen mag\u00e1nszem\u00e9lyk\u00e9nt akarja l\u00e1jkolni egy m\u00e1sik admin, de nem \u00e1ll\u00edtj\u00e1k \u00e1t profiljukat a c\u00e9ges oldalr\u00f3l\u2026)\r\n\r\n<strong>Megjel\u00f6lni random embereket fot\u00f3inkon:<\/strong>\r\n\r\nOk\u00e9, lehets\u00e9ges, hogy n\u00f6vekszik az el\u00e9r\u00e9s n\u00e9h\u00e1ny szem\u00e9ly megjel\u00f6l\u00e9s\u00e9vel a k\u00e9pen\u2026 De ha csak \u00fagy ok n\u00e9lk\u00fcl jel\u00f6l\u00fcnk meg embereket k\u00e9peken, akkor \u0151k ezt zavar\u00f3nak fogj\u00e1k \u00e9rezni egy id\u0151 ut\u00e1n \u00e9s m\u00e9g le is tilthatnak minket. Ezzel pedig pont a dolog ellenkez\u0151j\u00e9t \u00e9rj\u00fck el.\r\n\r\n<strong>Bejegyz\u00e9seket m\u00e1solni Twitterr\u0151l:<\/strong>\r\n\r\nNe gondoljuk, hogy a k\u00f6z\u00f6ss\u00e9gi fel\u00fcletek elk\u00fcl\u00f6n\u00fclnek egym\u00e1st\u00f3l! Sokszor van olyan, hogy egy felhaszn\u00e1l\u00f3 t\u00f6bb fel\u00fcleten is k\u00f6veti c\u00e9g\u00fcnket. A m\u00e1sol\u00e1sb\u00f3l pedig az k\u00f6vetkezik, hogy sz\u00e1mukra ism\u00e9tl\u0151d\u0151 \u00e9s \u00edgy unalmass\u00e1 v\u00e1lhat fel\u00fclet\u00fcnk.\r\n\r\n<strong>Felk\u00e9r\u00e9sek k\u00fcld\u00e9se<\/strong>\r\n\r\nHa t\u00fal sok felk\u00e9r\u00e9st kapunk, akkor azok is egy id\u0151 ut\u00e1n a spam kateg\u00f3ri\u00e1ba ker\u00fclnek. Teh\u00e1t nem biztos, hogy c\u00e9lravezet\u0151 mindenre csak \u00fagy megh\u00edvni ismer\u0151seinket. Ha azt akarjuk, hogy l\u00e1jkolj\u00e1k oldalunkat, akkor ink\u00e1bb osszunk meg ink\u00e1bb saj\u00e1t profilunkon n\u00e9h\u00e1ny \u00e9rdekes cikket \u00e9s hivatkoz\u00e1st az adott oldalt\u00f3l.\r\n\r\n<strong>Csoportos \u00fczenet k\u00fcld\u00e9se:<\/strong>\r\n\r\nMit tesz\u00fcnk azokkal a levelekkel, amiknek l\u00e1tjuk, hogy sok c\u00edmzettje van \u00e9s abszol\u00fat szem\u00e9lytelen? Val\u00f3sz\u00edn\u0171leg azonnal t\u00f6r\u00f6lj\u00fck\u2026 \u201d K\u00e9rem, n\u00e9zze meg az oldalam\" vagy \"Szavazz r\u00e1m!\" \u2013 ezek a legt\u00f6bbsz\u00f6r a kuk\u00e1ban k\u00f6tnek ki, teh\u00e1t felesleges pr\u00f3b\u00e1lkoz\u00e1s.\r\n\r\n<strong>Facebook esem\u00e9nyre megh\u00edv\u00f3 mindenkinek:<\/strong>\r\n\r\nSzint\u00e9n felesleges olyanoknak kik\u00fcldeni a megh\u00edv\u00f3t, akiket tudjuk, hogy \u00fagysem vesznek r\u00e9szt az esem\u00e9nyen. Ez zavar\u00f3 is lehet a sokadik alakalom ut\u00e1n. Els\u0151 k\u00f6rben azokat h\u00edvjuk meg, akik az esem\u00e9ny k\u00f6zel\u00e9ben tart\u00f3zkodnak.\r\n\r\nAz etikett a Facebookon hasonl\u00edt a val\u00f3 \u00e9letben betartand\u00f3 szab\u00e1lyokhoz. Ha bel\u00e9p\u00fcnk egy \u00e9tterembe, akkor ne kiab\u00e1ljunk, mindenki l\u00e1tja azt. Besz\u00e9lget\u00fcnk a bar\u00e1tainkkal az asztaln\u00e1l, de hallgassuk is meg \u0151ket, amikor besz\u00e9lnek!\r\n\r\n&nbsp;","type":"rich","thumbnail_url":"https:\/\/kozossegimedia.cafeblog.hu\/files\/2015\/08\/tumblr_inline_np63tne16t1toce6o_540-150x150.png","thumbnail_width":150,"thumbnail_height":150}